{"id":24,"date":"2019-10-12T08:51:20","date_gmt":"2019-10-12T08:51:20","guid":{"rendered":"http:\/\/margarete-blank-gedenkstaette.com\/?page_id=24"},"modified":"2021-12-21T19:53:14","modified_gmt":"2021-12-21T19:53:14","slug":"die-gedenkstaette","status":"publish","type":"page","link":"http:\/\/margarete-blank-gedenkstaette.com\/?page_id=24","title":{"rendered":"Die Gedenkst\u00e4tte"},"content":{"rendered":"<p><img loading=\"lazy\" decoding=\"async\" class=\"size-medium wp-image-55 alignright\" src=\"http:\/\/margarete-blank-gedenkstaette.com\/wp-content\/uploads\/2019\/10\/ALIM2859-300x225.jpg\" alt=\"\" width=\"300\" height=\"225\" \/>Die Margarete-Blank-Gedenkst\u00e4tte in Panitzsch ist momentan wegen Instandsetzungsarbeiten geschlossen. F\u00fchrungen k\u00f6nnen daher leider nicht angeboten werden.<\/p>\n<p>Der Verein Dr.-Margarete-Blank-Gedenkst\u00e4tte Panitzsch e. V. bittet um Spenden, um weiter dringende Renovierungsarbeiten an der Gedenkst\u00e4tte durchf\u00fchren zu k\u00f6nnen. Wer m\u00f6chte F\u00f6rdermitglied werden und ist bereit mit 50 Euro pro Jahr unsere Arbeit zu unterst\u00fctzen? Wir freuen uns \u00fcber jedes Engagement sei es passiv als finanzielle Unterst\u00fctzung unserer Arbeit oder aktiv mitzuarbeiten und mitzugestalten.<\/p>\n<p>Wir sind dankbar f\u00fcr jeden Betrag. Bitte \u00fcberweisen Sie auf folgendes Konto:<\/p>\n<p><strong>Kontoverbindung:<\/strong><br \/>\n<strong>IBAN: <\/strong><span style=\"font-size: 1rem;\">DE92830654080004288700<br \/>\n<\/span><strong><span style=\"font-size: 1rem;\">BIC: <\/span><\/strong><span style=\"font-size: 1rem;\">GENODEF1SLR<\/span><\/p>\n<p>Wir wollen allen Helfern und Unterst\u00fctzern herzlich danken und wir hoffen nat\u00fcrlich auch auf weitere Hilfe.<\/p>\n<p>Herzlichen Dank an die Gemeindeverwaltung, die Mitarbeiter des Bauhofes und auch an unseren B\u00fcrgermeister, der immer ein offenes Ohr f\u00fcr unsere Probleme hat und uns zum Arbeitseinsatz mit Getr\u00e4nken versorgt hat.<\/p>\n<p>\u00dcber die \u00d6ffnung des Blankhauses und unsere Aktivit\u00e4ten werden wir weiter berichten.<\/p>\n","protected":false},"excerpt":{"rendered":"<p>Die Margarete-Blank-Gedenkst\u00e4tte in Panitzsch ist momentan wegen Instandsetzungsarbeiten geschlossen. F\u00fchrungen k\u00f6nnen daher leider nicht angeboten werden. Der Verein Dr.-Margarete-Blank-Gedenkst\u00e4tte Panitzsch e. V. bittet um Spenden, um weiter dringende Renovierungsarbeiten an der Gedenkst\u00e4tte durchf\u00fchren zu k\u00f6nnen. Wer m\u00f6chte F\u00f6rdermitglied werden und ist bereit mit 50 Euro pro Jahr unsere Arbeit zu unterst\u00fctzen? Wir freuen uns \u00fcber &hellip; <\/p>\n<p class=\"link-more\"><a href=\"http:\/\/margarete-blank-gedenkstaette.com\/?page_id=24\" class=\"more-link\"><span class=\"screen-reader-text\">\u201eDie Gedenkst\u00e4tte\u201c <\/span>weiterlesen<\/a><\/p>\n","protected":false},"author":1,"featured_media":52,"parent":0,"menu_order":0,"comment_status":"closed","ping_status":"closed","template":"","meta":{"footnotes":""},"class_list":["post-24","page","type-page","status-publish","has-post-thumbnail","hentry"],"_links":{"self":[{"href":"http:\/\/margarete-blank-gedenkstaette.com\/index.php?rest_route=\/wp\/v2\/pages\/24","targetHints":{"allow":["GET"]}}],"collection":[{"href":"http:\/\/margarete-blank-gedenkstaette.com\/index.php?rest_route=\/wp\/v2\/pages"}],"about":[{"href":"http:\/\/margarete-blank-gedenkstaette.com\/index.php?rest_route=\/wp\/v2\/types\/page"}],"author":[{"embeddable":true,"href":"http:\/\/margarete-blank-gedenkstaette.com\/index.php?rest_route=\/wp\/v2\/users\/1"}],"replies":[{"embeddable":true,"href":"http:\/\/margarete-blank-gedenkstaette.com\/index.php?rest_route=%2Fwp%2Fv2%2Fcomments&post=24"}],"version-history":[{"count":9,"href":"http:\/\/margarete-blank-gedenkstaette.com\/index.php?rest_route=\/wp\/v2\/pages\/24\/revisions"}],"predecessor-version":[{"id":266,"href":"http:\/\/margarete-blank-gedenkstaette.com\/index.php?rest_route=\/wp\/v2\/pages\/24\/revisions\/266"}],"wp:featuredmedia":[{"embeddable":true,"href":"http:\/\/margarete-blank-gedenkstaette.com\/index.php?rest_route=\/wp\/v2\/media\/52"}],"wp:attachment":[{"href":"http:\/\/margarete-blank-gedenkstaette.com\/index.php?rest_route=%2Fwp%2Fv2%2Fmedia&parent=24"}],"curies":[{"name":"wp","href":"https:\/\/api.w.org\/{rel}","templated":true}]}}